{"id":4097,"date":"2022-06-08T15:15:13","date_gmt":"2022-06-08T13:15:13","guid":{"rendered":"https:\/\/lavoirie.ch\/event\/diplomfestival-interlaced\/"},"modified":"2022-06-09T09:48:30","modified_gmt":"2022-06-09T07:48:30","slug":"diplomfestival-interlaced","status":"publish","type":"event","link":"https:\/\/lavoirie.ch\/de\/event\/diplomfestival-interlaced\/","title":{"rendered":"Diplomfestival Interlaced"},"content":{"rendered":"\t\t<div data-elementor-type=\"wp-post\" data-elementor-id=\"4097\" class=\"elementor elementor-4097 elementor-4085\" data-elementor-post-type=\"event\">\n\t\t\t\t\t\t<section class=\"elementor-section elementor-top-section elementor-element elementor-element-49564dd elementor-section-boxed elementor-section-height-default elementor-section-height-default\" data-id=\"49564dd\" data-element_type=\"section\" data-e-type=\"section\">\n\t\t\t\t\t\t<div class=\"elementor-container elementor-column-gap-default\">\n\t\t\t\t\t<div class=\"elementor-column elementor-col-100 elementor-top-column elementor-element elementor-element-9658949\" data-id=\"9658949\" data-element_type=\"column\" data-e-type=\"column\">\n\t\t\t<div class=\"elementor-widget-wrap\">\n\t\t\t\t\t\t\t<\/div>\n\t\t<\/div>\n\t\t\t\t\t<\/div>\n\t\t<\/section>\n\t\t\t\t<section class=\"elementor-section elementor-top-section elementor-element elementor-element-536ac779 elementor-section-stretched elementor-section-boxed elementor-section-height-default elementor-section-height-default\" data-id=\"536ac779\" data-element_type=\"section\" data-e-type=\"section\" data-settings=\"{&quot;stretch_section&quot;:&quot;section-stretched&quot;}\">\n\t\t\t\t\t\t<div class=\"elementor-container elementor-column-gap-default\">\n\t\t\t\t\t<div class=\"elementor-column elementor-col-50 elementor-top-column elementor-element elementor-element-28a3032\" data-id=\"28a3032\" data-element_type=\"column\" data-e-type=\"column\" data-settings=\"{&quot;background_background&quot;:&quot;classic&quot;}\">\n\t\t\t<div class=\"elementor-widget-wrap elementor-element-populated\">\n\t\t\t\t\t\t<div class=\"elementor-element elementor-element-33f63ebd textcolor elementor-widget elementor-widget-theme-post-title elementor-page-title elementor-widget-heading\" data-id=\"33f63ebd\" data-element_type=\"widget\" data-e-type=\"widget\" data-widget_type=\"theme-post-title.default\">\n\t\t\t\t<div class=\"elementor-widget-container\">\n\t\t\t\t\t<h1 class=\"elementor-heading-title elementor-size-default\">Diplomfestival Interlaced<\/h1>\t\t\t\t<\/div>\n\t\t\t\t<\/div>\n\t\t\t\t<div class=\"elementor-element elementor-element-2b8b69ad elementor-widget__width-auto textcolor elementor-widget elementor-widget-heading\" data-id=\"2b8b69ad\" data-element_type=\"widget\" data-e-type=\"widget\" data-widget_type=\"heading.default\">\n\t\t\t\t<div class=\"elementor-widget-container\">\n\t\t\t\t\t<h2 class=\"elementor-heading-title elementor-size-default\">17.06.2022<\/h2>\t\t\t\t<\/div>\n\t\t\t\t<\/div>\n\t\t\t\t<div class=\"elementor-element elementor-element-2d508431 elementor-widget__width-auto textcolor elementor-widget elementor-widget-heading\" data-id=\"2d508431\" data-element_type=\"widget\" data-e-type=\"widget\" data-widget_type=\"heading.default\">\n\t\t\t\t<div class=\"elementor-widget-container\">\n\t\t\t\t\t<h2 class=\"elementor-heading-title elementor-size-default\"><a href=\"https:\/\/lavoirie.ch\/de\/category\/festival-de\/\" rel=\"tag\">Festival<\/a>, <a href=\"https:\/\/lavoirie.ch\/de\/category\/visuelle-kunste\/\" rel=\"tag\">Visuelle K\u00fcnste<\/a><\/h2>\t\t\t\t<\/div>\n\t\t\t\t<\/div>\n\t\t\t\t<div class=\"elementor-element elementor-element-549d456f textcolor elementor-widget elementor-widget-text-editor\" data-id=\"549d456f\" data-element_type=\"widget\" data-e-type=\"widget\" data-widget_type=\"text-editor.default\">\n\t\t\t\t<div class=\"elementor-widget-container\">\n\t\t\t\t\t\t\t\t\t<p><strong>Master Contemporary Arts Practice, HKB<\/strong><\/p>\n\t\t\t\t\t\t\t\t<\/div>\n\t\t\t\t<\/div>\n\t\t\t\t<div class=\"elementor-element elementor-element-3b88ffb textcolor elementor-widget elementor-widget-text-editor\" data-id=\"3b88ffb\" data-element_type=\"widget\" data-e-type=\"widget\" data-widget_type=\"text-editor.default\">\n\t\t\t\t<div class=\"elementor-widget-container\">\n\t\t\t\t\t\t\t\t\t<p>Das Festival Interlaced findet an verschiedenen Orten in Biel\/Bienne statt. Im Kunsthaus Pasquart, Le Singe, Espace Libre, La Voirie und im Dachstock Alte Krone werden 23 Diplomand:innen in Form einer Ausstellung, Performances, Lesungen, Klanginstallationen und Konzerten das Feld zwischen Fine Arts, Sound Arts, Performance Art und Literatur bespielen und ausloten.<\/p>\n<p>Laufende Informationen zum Festivalprogramm und zu den K\u00fcnstler:innen finden Sie auf der Festivalseite: www.cap-diplomfestival.ch<\/p>\n<p><strong>Die Vernissage findet am 16. Juni im Kunsthaus Pasquart statt!<\/strong><\/p>\n\t\t\t\t\t\t\t\t<\/div>\n\t\t\t\t<\/div>\n\t\t\t\t<div class=\"elementor-element elementor-element-6780e227 elementor-align-left textcolor elementor-widget elementor-widget-button\" data-id=\"6780e227\" data-element_type=\"widget\" data-e-type=\"widget\" data-widget_type=\"button.default\">\n\t\t\t\t<div class=\"elementor-widget-container\">\n\t\t\t\t\t\t\t\t\t<div class=\"elementor-button-wrapper\">\n\t\t\t\t\t<a class=\"elementor-button elementor-button-link elementor-size-sm\" href=\"https:\/\/www.cap-diplomfestival.ch\/\" target=\"_blank\">\n\t\t\t\t\t\t<span class=\"elementor-button-content-wrapper\">\n\t\t\t\t\t\t\t\t\t<span class=\"elementor-button-text\">Interlaced Diplomfestival<\/span>\n\t\t\t\t\t<\/span>\n\t\t\t\t\t<\/a>\n\t\t\t\t<\/div>\n\t\t\t\t\t\t\t\t<\/div>\n\t\t\t\t<\/div>\n\t\t\t\t\t<\/div>\n\t\t<\/div>\n\t\t\t\t<div class=\"elementor-column elementor-col-50 elementor-top-column elementor-element elementor-element-7de0d513\" data-id=\"7de0d513\" data-element_type=\"column\" data-e-type=\"column\">\n\t\t\t<div class=\"elementor-widget-wrap elementor-element-populated\">\n\t\t\t\t\t\t<div class=\"elementor-element elementor-element-1a05f43 elementor-widget elementor-widget-image\" data-id=\"1a05f43\" data-element_type=\"widget\" data-e-type=\"widget\" data-widget_type=\"image.default\">\n\t\t\t\t<div class=\"elementor-widget-container\">\n\t\t\t\t\t\t\t\t\t\t\t\t\t\t\t<img fetchpriority=\"high\" decoding=\"async\" width=\"1024\" height=\"536\" src=\"https:\/\/lavoirie.ch\/wp-content\/uploads\/2022\/06\/HKB_Diplome22_CAP_FB_Veranstaltung_Allgemein-1-1024x536.jpg\" class=\"attachment-large size-large wp-image-4116\" alt=\"\" srcset=\"https:\/\/lavoirie.ch\/wp-content\/uploads\/2022\/06\/HKB_Diplome22_CAP_FB_Veranstaltung_Allgemein-1-1024x536.jpg 1024w, https:\/\/lavoirie.ch\/wp-content\/uploads\/2022\/06\/HKB_Diplome22_CAP_FB_Veranstaltung_Allgemein-1-300x157.jpg 300w, https:\/\/lavoirie.ch\/wp-content\/uploads\/2022\/06\/HKB_Diplome22_CAP_FB_Veranstaltung_Allgemein-1-768x402.jpg 768w, https:\/\/lavoirie.ch\/wp-content\/uploads\/2022\/06\/HKB_Diplome22_CAP_FB_Veranstaltung_Allgemein-1-1536x804.jpg 1536w, https:\/\/lavoirie.ch\/wp-content\/uploads\/2022\/06\/HKB_Diplome22_CAP_FB_Veranstaltung_Allgemein-1-2048x1072.jpg 2048w\" sizes=\"(max-width: 1024px) 100vw, 1024px\" \/>\t\t\t\t\t\t\t\t\t\t\t\t\t\t\t<\/div>\n\t\t\t\t<\/div>\n\t\t\t\t\t<\/div>\n\t\t<\/div>\n\t\t\t\t\t<\/div>\n\t\t<\/section>\n\t\t\t\t<section class=\"elementor-section elementor-top-section elementor-element elementor-element-10e908fb elementor-section-stretched elementor-section-boxed elementor-section-height-default elementor-section-height-default\" data-id=\"10e908fb\" data-element_type=\"section\" data-e-type=\"section\" data-settings=\"{&quot;stretch_section&quot;:&quot;section-stretched&quot;}\">\n\t\t\t\t\t\t<div class=\"elementor-container elementor-column-gap-default\">\n\t\t\t\t\t<div class=\"elementor-column elementor-col-100 elementor-top-column elementor-element elementor-element-30877f86\" data-id=\"30877f86\" data-element_type=\"column\" data-e-type=\"column\">\n\t\t\t<div class=\"elementor-widget-wrap elementor-element-populated\">\n\t\t\t\t\t\t<div class=\"elementor-element elementor-element-6ef8b26d textcolor e-transform elementor-widget elementor-widget-text-editor\" data-id=\"6ef8b26d\" data-element_type=\"widget\" data-e-type=\"widget\" data-settings=\"{&quot;_transform_scale_effect&quot;:{&quot;unit&quot;:&quot;px&quot;,&quot;size&quot;:1,&quot;sizes&quot;:[]},&quot;_transform_scale_effect_tablet&quot;:{&quot;unit&quot;:&quot;px&quot;,&quot;size&quot;:&quot;&quot;,&quot;sizes&quot;:[]},&quot;_transform_scale_effect_mobile&quot;:{&quot;unit&quot;:&quot;px&quot;,&quot;size&quot;:&quot;&quot;,&quot;sizes&quot;:[]}}\" data-widget_type=\"text-editor.default\">\n\t\t\t\t<div class=\"elementor-widget-container\">\n\t\t\t\t\t\t\t\t\t<span style=\"text-decoration: underline;\"><strong>Programm:<\/strong><\/span><br><br>\r\n\r\n<strong>La Voirie:<\/strong><br><br>\r\n\r\n<strong>Freitag, 17.<\/strong>\u00a0<strong>Juni, 12.00 \u2013 13.00<br>\r\n<\/strong>12.00 Aur\u00e9lien Perdreau, <em>R\u00e9sonance [ombre int\u00e9rieure],<\/em><em>\u00a0<\/em>Sound Performance<br>\r\n<strong>Samstag, 18. Juni, 18.00 \u2013 19.00<br>\r\n<\/strong>18.00 Aur\u00e9lien Perdreau, <em>R\u00e9sonance [ombre int\u00e9rieure],<\/em><em>\u00a0<\/em>Sound Performance<br><br>\r\n\r\n<strong>Treppenhaus &amp; Dachstock Alte Krone<\/strong><br><br>\r\n\r\n<strong>Freitag, 17. Juni,<\/strong>\u00a0<strong>17.00 \u2013 19.00<\/strong>\u00a0<strong><br>\r\n<\/strong>17.00 Tobias R\u00fcetschi, <em>decentralized composition #1<\/em>, Temporary Sound Installation \/ Concert, Treppenhaus Alte Krone<br>\r\n18.00 Paula Sanchez Mugas, <em>Entregame el anzuelo de los d\u00edas<\/em>, Performative Installation, Dachstock Alte Krone.<br>\r\n\r\n<strong>Samstag, 18. Juni, 17.00 \u2013 18.00<br>\r\n<\/strong>17.00 Tobias R\u00fcetschi, <em>decentralized composition #1,\u00a0<\/em> Temporary Sound Installation \/ Concert, Treppenhaus Alte Krone<br>\r\n<strong>Sonntag, 19. Juni, 18.00<\/strong>\u00a0<strong>\u2013 20.00<\/strong><br>\r\nPerformance &amp; Sound Installation<br>\r\n18.00 Murat-Mevlana Temel, <em>Mots de passes incantatoires \u00e0 l\u2019usage des enfants d\u2019immigr\u00e9.x.s francophones, <\/em>part III, Performance, Dachstock Alte Krone.<br>\r\n19.00 Paula Sanchez Mugas, <em>Entregame el anzuelo de los d\u00edas<\/em>, Performative Installation, Dachstock Alte Krone.\t\t\t\t\t\t\t\t<\/div>\n\t\t\t\t<\/div>\n\t\t\t\t\t<\/div>\n\t\t<\/div>\n\t\t\t\t\t<\/div>\n\t\t<\/section>\n\t\t\t\t<section class=\"elementor-section elementor-top-section elementor-element elementor-element-659f31f elementor-section-boxed elementor-section-height-default elementor-section-height-default\" data-id=\"659f31f\" data-element_type=\"section\" data-e-type=\"section\">\n\t\t\t\t\t\t<div class=\"elementor-container elementor-column-gap-default\">\n\t\t\t\t\t<div class=\"elementor-column elementor-col-50 elementor-top-column elementor-element elementor-element-5b808de\" data-id=\"5b808de\" data-element_type=\"column\" data-e-type=\"column\">\n\t\t\t<div class=\"elementor-widget-wrap elementor-element-populated\">\n\t\t\t\t\t\t\t<\/div>\n\t\t<\/div>\n\t\t\t\t<div class=\"elementor-column elementor-col-50 elementor-top-column elementor-element elementor-element-3182ba7a\" data-id=\"3182ba7a\" data-element_type=\"column\" data-e-type=\"column\">\n\t\t\t<div class=\"elementor-widget-wrap elementor-element-populated\">\n\t\t\t\t\t\t\t<\/div>\n\t\t<\/div>\n\t\t\t\t\t<\/div>\n\t\t<\/section>\n\t\t\t\t<section class=\"elementor-section elementor-top-section elementor-element elementor-element-6c61dff elementor-section-boxed elementor-section-height-default elementor-section-height-default\" data-id=\"6c61dff\" data-element_type=\"section\" data-e-type=\"section\">\n\t\t\t\t\t\t<div class=\"elementor-container elementor-column-gap-default\">\n\t\t\t\t\t<div class=\"elementor-column elementor-col-100 elementor-top-column elementor-element elementor-element-6ef41e8\" data-id=\"6ef41e8\" data-element_type=\"column\" data-e-type=\"column\">\n\t\t\t<div class=\"elementor-widget-wrap\">\n\t\t\t\t\t\t\t<\/div>\n\t\t<\/div>\n\t\t\t\t\t<\/div>\n\t\t<\/section>\n\t\t\t\t<\/div>\n\t\t","protected":false},"featured_media":0,"template":"","categories":[42,26],"class_list":["post-4097","event","type-event","status-publish","hentry","category-festival-de","category-visuelle-kunste"],"acf":[],"_links":{"self":[{"href":"https:\/\/lavoirie.ch\/de\/wp-json\/wp\/v2\/event\/4097","targetHints":{"allow":["GET"]}}],"collection":[{"href":"https:\/\/lavoirie.ch\/de\/wp-json\/wp\/v2\/event"}],"about":[{"href":"https:\/\/lavoirie.ch\/de\/wp-json\/wp\/v2\/types\/event"}],"version-history":[{"count":12,"href":"https:\/\/lavoirie.ch\/de\/wp-json\/wp\/v2\/event\/4097\/revisions"}],"predecessor-version":[{"id":4141,"href":"https:\/\/lavoirie.ch\/de\/wp-json\/wp\/v2\/event\/4097\/revisions\/4141"}],"wp:attachment":[{"href":"https:\/\/lavoirie.ch\/de\/wp-json\/wp\/v2\/media?parent=4097"}],"wp:term":[{"taxonomy":"category","embeddable":true,"href":"https:\/\/lavoirie.ch\/de\/wp-json\/wp\/v2\/categories?post=4097"}],"curies":[{"name":"wp","href":"https:\/\/api.w.org\/{rel}","templated":true}]}}