{"id":5890,"date":"2024-01-18T16:00:40","date_gmt":"2024-01-18T15:00:40","guid":{"rendered":"https:\/\/lavoirie.ch\/event\/serge-friedli-neuere-werke\/"},"modified":"2024-01-31T15:34:06","modified_gmt":"2024-01-31T14:34:06","slug":"serge-friedli-neuere-werke","status":"publish","type":"event","link":"https:\/\/lavoirie.ch\/de\/event\/serge-friedli-neuere-werke\/","title":{"rendered":"Serge Friedli &#8211; Neuere Werke"},"content":{"rendered":"\t\t<div data-elementor-type=\"wp-post\" data-elementor-id=\"5890\" class=\"elementor elementor-5890 elementor-5880\" data-elementor-post-type=\"event\">\n\t\t\t\t\t\t<section class=\"elementor-section elementor-top-section elementor-element elementor-element-75f91668 elementor-section-stretched elementor-section-boxed elementor-section-height-default elementor-section-height-default\" data-id=\"75f91668\" data-element_type=\"section\" data-e-type=\"section\" data-settings=\"{&quot;stretch_section&quot;:&quot;section-stretched&quot;}\">\n\t\t\t\t\t\t<div class=\"elementor-container elementor-column-gap-default\">\n\t\t\t\t\t<div class=\"elementor-column elementor-col-50 elementor-top-column elementor-element elementor-element-2491e022\" data-id=\"2491e022\" data-element_type=\"column\" data-e-type=\"column\" data-settings=\"{&quot;background_background&quot;:&quot;classic&quot;}\">\n\t\t\t<div class=\"elementor-widget-wrap elementor-element-populated\">\n\t\t\t\t\t\t<div class=\"elementor-element elementor-element-2bc3d878 textcolor elementor-widget elementor-widget-theme-post-title elementor-page-title elementor-widget-heading\" data-id=\"2bc3d878\" data-element_type=\"widget\" data-e-type=\"widget\" data-widget_type=\"theme-post-title.default\">\n\t\t\t\t<div class=\"elementor-widget-container\">\n\t\t\t\t\t<h1 class=\"elementor-heading-title elementor-size-default\">Serge Friedli &#8211; Neuere Werke<\/h1>\t\t\t\t<\/div>\n\t\t\t\t<\/div>\n\t\t\t\t<div class=\"elementor-element elementor-element-224db457 elementor-widget__width-auto textcolor elementor-widget elementor-widget-heading\" data-id=\"224db457\" data-element_type=\"widget\" data-e-type=\"widget\" data-widget_type=\"heading.default\">\n\t\t\t\t<div class=\"elementor-widget-container\">\n\t\t\t\t\t<h2 class=\"elementor-heading-title elementor-size-default\">09.02.2024<\/h2>\t\t\t\t<\/div>\n\t\t\t\t<\/div>\n\t\t\t\t<div class=\"elementor-element elementor-element-0b66bb3 elementor-widget__width-auto textcolor elementor-widget elementor-widget-heading\" data-id=\"0b66bb3\" data-element_type=\"widget\" data-e-type=\"widget\" data-widget_type=\"heading.default\">\n\t\t\t\t<div class=\"elementor-widget-container\">\n\t\t\t\t\t<h2 class=\"elementor-heading-title elementor-size-default\"><a href=\"https:\/\/lavoirie.ch\/de\/category\/ausstellung\/\" rel=\"tag\">Ausstellung<\/a><\/h2>\t\t\t\t<\/div>\n\t\t\t\t<\/div>\n\t\t\t\t<div class=\"elementor-element elementor-element-57bd1888 textcolor elementor-widget elementor-widget-text-editor\" data-id=\"57bd1888\" data-element_type=\"widget\" data-e-type=\"widget\" data-widget_type=\"text-editor.default\">\n\t\t\t\t<div class=\"elementor-widget-container\">\n\t\t\t\t\t\t\t\t\t<p>\u00a0<\/p>\n<p>Das Ziel des K\u00fcnstlers ist es, durch das Malen eine Stimmung oder ein Geheimnis zu erl\u00e4utern, einen Gegenstand oder ein Konzept zu hinterfragen.<\/p>\n<p>F\u00fcr ihn richtet sich das Malen also an unser Gef\u00fchl und nicht an unseren Intellekt. Sie ist dabei auch eine umgeleitete Art, unsere Welt zu befragen.<\/p>\n<p>\u00a0<\/p>\n<p>Die Werke werden haupts\u00e4chlich \u00d6lgem\u00e4lde sein, durch einige Bleistift- und Tuschearbeiten erg\u00e4nzt.<\/p>\n<p>\u00a0<\/p>\n<p><span style=\"font-size: 1rem\"><b>Vernissage<\/b><\/span><\/p>\n<p><span style=\"font-size: 1rem\">Freitag, 9. Februar: 18.00-20.00 Uhr.<\/span><\/p>\n<p><strong>\u00d6ffnungszeiten der Ausstellung<\/strong><\/p>\n<p>10. bis 18. Februar<\/p>\n<p>Montag bis Freitag: 15.00-19.00 Uhr<\/p>\n<p>Samstag und Sonntag: 10.00-19.00 Uhr.<\/p>\n<p>\u00a0Permanenz des K\u00fcnstlers au\u00dfer Dienstag und Donnerstag.<\/p>\n<p><strong>Kontakt<\/strong><\/p>\n<p>+41 79 252 32 57<\/p>\n<p><a href=\"mailto:info@sergefriedli.ch\">info@sergefriedli.ch<\/a><\/p>\n<p>sergefriedli.ch<\/p>\n\t\t\t\t\t\t\t\t<\/div>\n\t\t\t\t<\/div>\n\t\t\t\t\t<\/div>\n\t\t<\/div>\n\t\t\t\t<div class=\"elementor-column elementor-col-50 elementor-top-column elementor-element elementor-element-2413fb44\" data-id=\"2413fb44\" data-element_type=\"column\" data-e-type=\"column\">\n\t\t\t<div class=\"elementor-widget-wrap elementor-element-populated\">\n\t\t\t\t\t\t<div class=\"elementor-element elementor-element-b4b4578 elementor-widget elementor-widget-image\" data-id=\"b4b4578\" data-element_type=\"widget\" data-e-type=\"widget\" data-widget_type=\"image.default\">\n\t\t\t\t<div class=\"elementor-widget-container\">\n\t\t\t\t\t\t\t\t\t\t\t\t\t\t\t<img decoding=\"async\" src=\"https:\/\/lavoirie.ch\/wp-content\/uploads\/2024\/01\/voirie-1-pdf.jpg\" title=\"\" alt=\"\" loading=\"lazy\" \/>\t\t\t\t\t\t\t\t\t\t\t\t\t\t\t<\/div>\n\t\t\t\t<\/div>\n\t\t\t\t\t<\/div>\n\t\t<\/div>\n\t\t\t\t\t<\/div>\n\t\t<\/section>\n\t\t\t\t<\/div>\n\t\t","protected":false},"featured_media":5882,"template":"","categories":[29],"class_list":["post-5890","event","type-event","status-publish","has-post-thumbnail","hentry","category-ausstellung"],"acf":[],"_links":{"self":[{"href":"https:\/\/lavoirie.ch\/de\/wp-json\/wp\/v2\/event\/5890","targetHints":{"allow":["GET"]}}],"collection":[{"href":"https:\/\/lavoirie.ch\/de\/wp-json\/wp\/v2\/event"}],"about":[{"href":"https:\/\/lavoirie.ch\/de\/wp-json\/wp\/v2\/types\/event"}],"version-history":[{"count":3,"href":"https:\/\/lavoirie.ch\/de\/wp-json\/wp\/v2\/event\/5890\/revisions"}],"predecessor-version":[{"id":5893,"href":"https:\/\/lavoirie.ch\/de\/wp-json\/wp\/v2\/event\/5890\/revisions\/5893"}],"wp:featuredmedia":[{"embeddable":true,"href":"https:\/\/lavoirie.ch\/de\/wp-json\/wp\/v2\/media\/5882"}],"wp:attachment":[{"href":"https:\/\/lavoirie.ch\/de\/wp-json\/wp\/v2\/media?parent=5890"}],"wp:term":[{"taxonomy":"category","embeddable":true,"href":"https:\/\/lavoirie.ch\/de\/wp-json\/wp\/v2\/categories?post=5890"}],"curies":[{"name":"wp","href":"https:\/\/api.w.org\/{rel}","templated":true}]}}